{"id":730,"date":"2022-09-10T22:58:02","date_gmt":"2022-09-10T20:58:02","guid":{"rendered":"https:\/\/www.ceskaskolaluzern.ch\/?page_id=730"},"modified":"2024-10-26T20:34:32","modified_gmt":"2024-10-26T18:34:32","slug":"vanocni-besidka-2021","status":"publish","type":"page","link":"https:\/\/www.ceskaskolaluzern.ch\/de\/vyuka\/zpravy-z-vyuky\/fotogalerie-priv\/vanocni-besidka-2021\/","title":{"rendered":"V\u00e1no\u010dn\u00ed bes\u00eddka"},"content":{"rendered":"<p style=\"text-align: left;\">6.&nbsp;prosince 2021<\/p>\n<div id='gallery-1' class='gallery galleryid-730 gallery-columns-4 gallery-size-thumbnail'><dl class='gallery-item'>\n\t\t\t<dt class='gallery-icon landscape'>\n\t\t\t\t<a href='https:\/\/www.ceskaskolaluzern.ch\/de\/img_6833-2\/'><img decoding=\"async\" width=\"150\" height=\"150\" src=\"data:image\/gif;base64,R0lGODlhAQABAIAAAAAAAP\/\/\/yH5BAEAAAAALAAAAAABAAEAAAIBRAA7\" data-src=\"https:\/\/www.ceskaskolaluzern.ch\/wp-content\/uploads\/2022\/09\/IMG_6833-150x150.jpg\" class=\"attachment-thumbnail size-thumbnail\" alt=\"Mikul\u00e1\u0161 2021\" srcset=\"data:image\/gif;base64,R0lGODlhAQABAIAAAAAAAP\/\/\/yH5BAEAAAAALAAAAAABAAEAAAIBRAA7\" data-srcset=\"https:\/\/www.ceskaskolaluzern.ch\/wp-content\/uploads\/2022\/09\/IMG_6833-150x150.jpg 150w, https:\/\/www.ceskaskolaluzern.ch\/wp-content\/uploads\/2022\/09\/IMG_6833-160x160.jpg 160w, https:\/\/www.ceskaskolaluzern.ch\/wp-content\/uploads\/2022\/09\/IMG_6833-88x88.jpg 88w, https:\/\/www.ceskaskolaluzern.ch\/wp-content\/uploads\/2022\/09\/IMG_6833-176x176.jpg 176w\" sizes=\"(max-width: 150px) 100vw, 150px\" loading=\"eager\" \/><\/a>\n\t\t\t<\/dt><\/dl><dl class='gallery-item'>\n\t\t\t<dt class='gallery-icon landscape'>\n\t\t\t\t<a href='https:\/\/www.ceskaskolaluzern.ch\/de\/img_6834-2\/'><img decoding=\"async\" width=\"150\" height=\"150\" src=\"data:image\/gif;base64,R0lGODlhAQABAIAAAAAAAP\/\/\/yH5BAEAAAAALAAAAAABAAEAAAIBRAA7\" data-src=\"https:\/\/www.ceskaskolaluzern.ch\/wp-content\/uploads\/2022\/09\/IMG_6834-150x150.jpg\" class=\"attachment-thumbnail size-thumbnail\" alt=\"Mikul\u00e1\u0161 2021\" srcset=\"data:image\/gif;base64,R0lGODlhAQABAIAAAAAAAP\/\/\/yH5BAEAAAAALAAAAAABAAEAAAIBRAA7\" data-srcset=\"https:\/\/www.ceskaskolaluzern.ch\/wp-content\/uploads\/2022\/09\/IMG_6834-150x150.jpg 150w, https:\/\/www.ceskaskolaluzern.ch\/wp-content\/uploads\/2022\/09\/IMG_6834-160x160.jpg 160w, https:\/\/www.ceskaskolaluzern.ch\/wp-content\/uploads\/2022\/09\/IMG_6834-88x88.jpg 88w, https:\/\/www.ceskaskolaluzern.ch\/wp-content\/uploads\/2022\/09\/IMG_6834-176x176.jpg 176w\" sizes=\"(max-width: 150px) 100vw, 150px\" loading=\"eager\" \/><\/a>\n\t\t\t<\/dt><\/dl><dl class='gallery-item'>\n\t\t\t<dt class='gallery-icon landscape'>\n\t\t\t\t<a href='https:\/\/www.ceskaskolaluzern.ch\/de\/img_6835-2\/'><img decoding=\"async\" width=\"150\" height=\"150\" src=\"data:image\/gif;base64,R0lGODlhAQABAIAAAAAAAP\/\/\/yH5BAEAAAAALAAAAAABAAEAAAIBRAA7\" data-src=\"https:\/\/www.ceskaskolaluzern.ch\/wp-content\/uploads\/2022\/09\/IMG_6835-150x150.jpg\" class=\"attachment-thumbnail size-thumbnail\" alt=\"Mikul\u00e1\u0161 2021\" srcset=\"data:image\/gif;base64,R0lGODlhAQABAIAAAAAAAP\/\/\/yH5BAEAAAAALAAAAAABAAEAAAIBRAA7\" data-srcset=\"https:\/\/www.ceskaskolaluzern.ch\/wp-content\/uploads\/2022\/09\/IMG_6835-150x150.jpg 150w, https:\/\/www.ceskaskolaluzern.ch\/wp-content\/uploads\/2022\/09\/IMG_6835-160x160.jpg 160w, https:\/\/www.ceskaskolaluzern.ch\/wp-content\/uploads\/2022\/09\/IMG_6835-88x88.jpg 88w, https:\/\/www.ceskaskolaluzern.ch\/wp-content\/uploads\/2022\/09\/IMG_6835-176x176.jpg 176w\" sizes=\"(max-width: 150px) 100vw, 150px\" loading=\"eager\" \/><\/a>\n\t\t\t<\/dt><\/dl><dl class='gallery-item'>\n\t\t\t<dt class='gallery-icon portrait'>\n\t\t\t\t<a href='https:\/\/www.ceskaskolaluzern.ch\/de\/img_6837-2\/'><img decoding=\"async\" width=\"150\" height=\"150\" src=\"data:image\/gif;base64,R0lGODlhAQABAIAAAAAAAP\/\/\/yH5BAEAAAAALAAAAAABAAEAAAIBRAA7\" data-src=\"https:\/\/www.ceskaskolaluzern.ch\/wp-content\/uploads\/2022\/09\/IMG_6837-150x150.jpg\" class=\"attachment-thumbnail size-thumbnail\" alt=\"V\u00e1no\u010dn\u00ed zvyky\" aria-describedby=\"gallery-1-738\" srcset=\"data:image\/gif;base64,R0lGODlhAQABAIAAAAAAAP\/\/\/yH5BAEAAAAALAAAAAABAAEAAAIBRAA7\" data-srcset=\"https:\/\/www.ceskaskolaluzern.ch\/wp-content\/uploads\/2022\/09\/IMG_6837-150x150.jpg 150w, https:\/\/www.ceskaskolaluzern.ch\/wp-content\/uploads\/2022\/09\/IMG_6837-160x160.jpg 160w, https:\/\/www.ceskaskolaluzern.ch\/wp-content\/uploads\/2022\/09\/IMG_6837-900x900.jpg 900w, https:\/\/www.ceskaskolaluzern.ch\/wp-content\/uploads\/2022\/09\/IMG_6837-88x88.jpg 88w, https:\/\/www.ceskaskolaluzern.ch\/wp-content\/uploads\/2022\/09\/IMG_6837-176x176.jpg 176w\" sizes=\"(max-width: 150px) 100vw, 150px\" loading=\"eager\" \/><\/a>\n\t\t\t<\/dt>\n\t\t\t\t<dd class='wp-caption-text gallery-caption' id='gallery-1-738'>\n\t\t\t\tKr\u00e1jen\u00ed jabl\u00ed\u010dek\n\t\t\t\t<\/dd><\/dl><br style=\"clear: both\" \/><dl class='gallery-item'>\n\t\t\t<dt class='gallery-icon landscape'>\n\t\t\t\t<a href='https:\/\/www.ceskaskolaluzern.ch\/de\/img_6839-2\/'><img decoding=\"async\" width=\"150\" height=\"150\" src=\"data:image\/gif;base64,R0lGODlhAQABAIAAAAAAAP\/\/\/yH5BAEAAAAALAAAAAABAAEAAAIBRAA7\" data-src=\"https:\/\/www.ceskaskolaluzern.ch\/wp-content\/uploads\/2022\/09\/IMG_6839-150x150.jpg\" class=\"attachment-thumbnail size-thumbnail\" alt=\"V\u00e1no\u010dn\u00ed zvyky - pou\u0161t\u011bn\u00ed lodi\u010dek\" aria-describedby=\"gallery-1-740\" srcset=\"data:image\/gif;base64,R0lGODlhAQABAIAAAAAAAP\/\/\/yH5BAEAAAAALAAAAAABAAEAAAIBRAA7\" data-srcset=\"https:\/\/www.ceskaskolaluzern.ch\/wp-content\/uploads\/2022\/09\/IMG_6839-150x150.jpg 150w, https:\/\/www.ceskaskolaluzern.ch\/wp-content\/uploads\/2022\/09\/IMG_6839-160x160.jpg 160w, https:\/\/www.ceskaskolaluzern.ch\/wp-content\/uploads\/2022\/09\/IMG_6839-88x88.jpg 88w, https:\/\/www.ceskaskolaluzern.ch\/wp-content\/uploads\/2022\/09\/IMG_6839-176x176.jpg 176w\" sizes=\"(max-width: 150px) 100vw, 150px\" loading=\"eager\" \/><\/a>\n\t\t\t<\/dt>\n\t\t\t\t<dd class='wp-caption-text gallery-caption' id='gallery-1-740'>\n\t\t\t\tPou\u0161t\u011bn\u00ed lodi\u010dek\n\t\t\t\t<\/dd><\/dl><dl class='gallery-item'>\n\t\t\t<dt class='gallery-icon portrait'>\n\t\t\t\t<a href='https:\/\/www.ceskaskolaluzern.ch\/de\/img_6844-2\/'><img decoding=\"async\" width=\"150\" height=\"150\" src=\"data:image\/gif;base64,R0lGODlhAQABAIAAAAAAAP\/\/\/yH5BAEAAAAALAAAAAABAAEAAAIBRAA7\" data-src=\"https:\/\/www.ceskaskolaluzern.ch\/wp-content\/uploads\/2022\/09\/IMG_6844-150x150.jpg\" class=\"attachment-thumbnail size-thumbnail\" alt=\"V\u00e1no\u010dn\u00ed zvyky - kr\u00e1jen\u00ed jabl\u00ed\u010dek\" aria-describedby=\"gallery-1-742\" srcset=\"data:image\/gif;base64,R0lGODlhAQABAIAAAAAAAP\/\/\/yH5BAEAAAAALAAAAAABAAEAAAIBRAA7\" data-srcset=\"https:\/\/www.ceskaskolaluzern.ch\/wp-content\/uploads\/2022\/09\/IMG_6844-150x150.jpg 150w, https:\/\/www.ceskaskolaluzern.ch\/wp-content\/uploads\/2022\/09\/IMG_6844-160x160.jpg 160w, https:\/\/www.ceskaskolaluzern.ch\/wp-content\/uploads\/2022\/09\/IMG_6844-900x900.jpg 900w, https:\/\/www.ceskaskolaluzern.ch\/wp-content\/uploads\/2022\/09\/IMG_6844-88x88.jpg 88w, https:\/\/www.ceskaskolaluzern.ch\/wp-content\/uploads\/2022\/09\/IMG_6844-176x176.jpg 176w\" sizes=\"(max-width: 150px) 100vw, 150px\" loading=\"eager\" \/><\/a>\n\t\t\t<\/dt>\n\t\t\t\t<dd class='wp-caption-text gallery-caption' id='gallery-1-742'>\n\t\t\t\tKr\u00e1jen\u00ed jabl\u00ed\u010dek\n\t\t\t\t<\/dd><\/dl><dl class='gallery-item'>\n\t\t\t<dt class='gallery-icon portrait'>\n\t\t\t\t<a href='https:\/\/www.ceskaskolaluzern.ch\/de\/img_6846-2\/'><img decoding=\"async\" width=\"150\" height=\"150\" src=\"data:image\/gif;base64,R0lGODlhAQABAIAAAAAAAP\/\/\/yH5BAEAAAAALAAAAAABAAEAAAIBRAA7\" data-src=\"https:\/\/www.ceskaskolaluzern.ch\/wp-content\/uploads\/2022\/09\/IMG_6846-150x150.jpg\" class=\"attachment-thumbnail size-thumbnail\" alt=\"Mikul\u00e1\u0161 2021\" aria-describedby=\"gallery-1-744\" srcset=\"data:image\/gif;base64,R0lGODlhAQABAIAAAAAAAP\/\/\/yH5BAEAAAAALAAAAAABAAEAAAIBRAA7\" data-srcset=\"https:\/\/www.ceskaskolaluzern.ch\/wp-content\/uploads\/2022\/09\/IMG_6846-150x150.jpg 150w, https:\/\/www.ceskaskolaluzern.ch\/wp-content\/uploads\/2022\/09\/IMG_6846-160x160.jpg 160w, https:\/\/www.ceskaskolaluzern.ch\/wp-content\/uploads\/2022\/09\/IMG_6846-900x900.jpg 900w, https:\/\/www.ceskaskolaluzern.ch\/wp-content\/uploads\/2022\/09\/IMG_6846-88x88.jpg 88w, https:\/\/www.ceskaskolaluzern.ch\/wp-content\/uploads\/2022\/09\/IMG_6846-176x176.jpg 176w\" sizes=\"(max-width: 150px) 100vw, 150px\" loading=\"eager\" \/><\/a>\n\t\t\t<\/dt>\n\t\t\t\t<dd class='wp-caption-text gallery-caption' id='gallery-1-744'>\n\t\t\t\tV\u00fdroba pap\u00edrov\u00fdch vlo\u010dek\n\t\t\t\t<\/dd><\/dl><dl class='gallery-item'>\n\t\t\t<dt class='gallery-icon portrait'>\n\t\t\t\t<a href='https:\/\/www.ceskaskolaluzern.ch\/de\/img_6847-2\/'><img decoding=\"async\" width=\"150\" height=\"150\" src=\"data:image\/gif;base64,R0lGODlhAQABAIAAAAAAAP\/\/\/yH5BAEAAAAALAAAAAABAAEAAAIBRAA7\" data-src=\"https:\/\/www.ceskaskolaluzern.ch\/wp-content\/uploads\/2022\/09\/IMG_6847-150x150.jpg\" class=\"attachment-thumbnail size-thumbnail\" alt=\"Mikul\u00e1\u0161 2021\" aria-describedby=\"gallery-1-746\" srcset=\"data:image\/gif;base64,R0lGODlhAQABAIAAAAAAAP\/\/\/yH5BAEAAAAALAAAAAABAAEAAAIBRAA7\" data-srcset=\"https:\/\/www.ceskaskolaluzern.ch\/wp-content\/uploads\/2022\/09\/IMG_6847-150x150.jpg 150w, https:\/\/www.ceskaskolaluzern.ch\/wp-content\/uploads\/2022\/09\/IMG_6847-160x160.jpg 160w, https:\/\/www.ceskaskolaluzern.ch\/wp-content\/uploads\/2022\/09\/IMG_6847-900x900.jpg 900w, https:\/\/www.ceskaskolaluzern.ch\/wp-content\/uploads\/2022\/09\/IMG_6847-88x88.jpg 88w, https:\/\/www.ceskaskolaluzern.ch\/wp-content\/uploads\/2022\/09\/IMG_6847-176x176.jpg 176w\" sizes=\"(max-width: 150px) 100vw, 150px\" loading=\"eager\" \/><\/a>\n\t\t\t<\/dt>\n\t\t\t\t<dd class='wp-caption-text gallery-caption' id='gallery-1-746'>\n\t\t\t\tZdoben\u00ed pap\u00edrov\u00fdch strome\u010dk\u016f\n\t\t\t\t<\/dd><\/dl><br style=\"clear: both\" \/><dl class='gallery-item'>\n\t\t\t<dt class='gallery-icon portrait'>\n\t\t\t\t<a href='https:\/\/www.ceskaskolaluzern.ch\/de\/img_6851-2\/'><img decoding=\"async\" width=\"150\" height=\"150\" src=\"data:image\/gif;base64,R0lGODlhAQABAIAAAAAAAP\/\/\/yH5BAEAAAAALAAAAAABAAEAAAIBRAA7\" data-src=\"https:\/\/www.ceskaskolaluzern.ch\/wp-content\/uploads\/2022\/09\/IMG_6851-150x150.jpg\" class=\"attachment-thumbnail size-thumbnail\" alt=\"V\u00e1no\u010dn\u00ed d\u00edlny\" aria-describedby=\"gallery-1-748\" srcset=\"data:image\/gif;base64,R0lGODlhAQABAIAAAAAAAP\/\/\/yH5BAEAAAAALAAAAAABAAEAAAIBRAA7\" data-srcset=\"https:\/\/www.ceskaskolaluzern.ch\/wp-content\/uploads\/2022\/09\/IMG_6851-150x150.jpg 150w, https:\/\/www.ceskaskolaluzern.ch\/wp-content\/uploads\/2022\/09\/IMG_6851-160x160.jpg 160w, https:\/\/www.ceskaskolaluzern.ch\/wp-content\/uploads\/2022\/09\/IMG_6851-900x900.jpg 900w, https:\/\/www.ceskaskolaluzern.ch\/wp-content\/uploads\/2022\/09\/IMG_6851-88x88.jpg 88w, https:\/\/www.ceskaskolaluzern.ch\/wp-content\/uploads\/2022\/09\/IMG_6851-176x176.jpg 176w\" sizes=\"(max-width: 150px) 100vw, 150px\" loading=\"eager\" \/><\/a>\n\t\t\t<\/dt>\n\t\t\t\t<dd class='wp-caption-text gallery-caption' id='gallery-1-748'>\n\t\t\t\tZdoben\u00ed pap\u00edrov\u00fdch strome\u010dk\u016f\n\t\t\t\t<\/dd><\/dl><dl class='gallery-item'>\n\t\t\t<dt class='gallery-icon portrait'>\n\t\t\t\t<a href='https:\/\/www.ceskaskolaluzern.ch\/de\/img_6852-2\/'><img decoding=\"async\" width=\"150\" height=\"150\" src=\"data:image\/gif;base64,R0lGODlhAQABAIAAAAAAAP\/\/\/yH5BAEAAAAALAAAAAABAAEAAAIBRAA7\" data-src=\"https:\/\/www.ceskaskolaluzern.ch\/wp-content\/uploads\/2022\/09\/IMG_6852-150x150.jpg\" class=\"attachment-thumbnail size-thumbnail\" alt=\"V\u00fdroba pap\u00edrov\u00e9ho \u0159et\u011bzu\" aria-describedby=\"gallery-1-750\" srcset=\"data:image\/gif;base64,R0lGODlhAQABAIAAAAAAAP\/\/\/yH5BAEAAAAALAAAAAABAAEAAAIBRAA7\" data-srcset=\"https:\/\/www.ceskaskolaluzern.ch\/wp-content\/uploads\/2022\/09\/IMG_6852-150x150.jpg 150w, https:\/\/www.ceskaskolaluzern.ch\/wp-content\/uploads\/2022\/09\/IMG_6852-160x160.jpg 160w, https:\/\/www.ceskaskolaluzern.ch\/wp-content\/uploads\/2022\/09\/IMG_6852-900x900.jpg 900w, https:\/\/www.ceskaskolaluzern.ch\/wp-content\/uploads\/2022\/09\/IMG_6852-88x88.jpg 88w, https:\/\/www.ceskaskolaluzern.ch\/wp-content\/uploads\/2022\/09\/IMG_6852-176x176.jpg 176w\" sizes=\"(max-width: 150px) 100vw, 150px\" loading=\"eager\" \/><\/a>\n\t\t\t<\/dt>\n\t\t\t\t<dd class='wp-caption-text gallery-caption' id='gallery-1-750'>\n\t\t\t\tV\u00fdroba pap\u00edrov\u00e9ho \u0159et\u011bzu\n\t\t\t\t<\/dd><\/dl><dl class='gallery-item'>\n\t\t\t<dt class='gallery-icon landscape'>\n\t\t\t\t<a href='https:\/\/www.ceskaskolaluzern.ch\/de\/img_6854-2\/'><img decoding=\"async\" width=\"150\" height=\"150\" src=\"data:image\/gif;base64,R0lGODlhAQABAIAAAAAAAP\/\/\/yH5BAEAAAAALAAAAAABAAEAAAIBRAA7\" data-src=\"https:\/\/www.ceskaskolaluzern.ch\/wp-content\/uploads\/2022\/09\/IMG_6854-150x150.jpg\" class=\"attachment-thumbnail size-thumbnail\" alt=\"V\u00fdroba pap\u00edrov\u00e9ho \u0159et\u011bzu\" aria-describedby=\"gallery-1-752\" srcset=\"data:image\/gif;base64,R0lGODlhAQABAIAAAAAAAP\/\/\/yH5BAEAAAAALAAAAAABAAEAAAIBRAA7\" data-srcset=\"https:\/\/www.ceskaskolaluzern.ch\/wp-content\/uploads\/2022\/09\/IMG_6854-150x150.jpg 150w, https:\/\/www.ceskaskolaluzern.ch\/wp-content\/uploads\/2022\/09\/IMG_6854-160x160.jpg 160w, https:\/\/www.ceskaskolaluzern.ch\/wp-content\/uploads\/2022\/09\/IMG_6854-88x88.jpg 88w, https:\/\/www.ceskaskolaluzern.ch\/wp-content\/uploads\/2022\/09\/IMG_6854-176x176.jpg 176w\" sizes=\"(max-width: 150px) 100vw, 150px\" loading=\"eager\" \/><\/a>\n\t\t\t<\/dt>\n\t\t\t\t<dd class='wp-caption-text gallery-caption' id='gallery-1-752'>\n\t\t\t\tV\u00fdroba pap\u00edrov\u00e9ho \u0159et\u011bzu\n\t\t\t\t<\/dd><\/dl>\n\t\t\t<br style='clear: both' \/>\n\t\t<\/div>\n\n","protected":false},"excerpt":{"rendered":"<p>6.&nbsp;prosince 2021<\/p>\n","protected":false},"author":3,"featured_media":0,"parent":728,"menu_order":0,"comment_status":"closed","ping_status":"closed","template":"","meta":{"footnotes":""},"class_list":["post-730","page","type-page","status-publish","hentry"],"yoast_head":"<!-- This site is optimized with the Yoast SEO plugin v25.6 - https:\/\/yoast.com\/wordpress\/plugins\/seo\/ -->\n<title>V\u00e1no\u010dn\u00ed bes\u00eddka | \u010cesk\u00e1 \u0161kola Luzern<\/title>\n<meta name=\"robots\" content=\"index, follow, max-snippet:-1, max-image-preview:large, max-video-preview:-1\" \/>\n<link rel=\"canonical\" href=\"https:\/\/www.ceskaskolaluzern.ch\/vyuka\/zpravy-z-vyuky\/fotogalerie-priv\/vanocni-besidka-2021\/\" \/>\n<meta property=\"og:locale\" content=\"de_DE\" \/>\n<meta property=\"og:type\" content=\"article\" \/>\n<meta property=\"og:title\" content=\"V\u00e1no\u010dn\u00ed bes\u00eddka | \u010cesk\u00e1 \u0161kola Luzern\" \/>\n<meta property=\"og:description\" content=\"6.&nbsp;prosince 2021\" \/>\n<meta property=\"og:url\" content=\"https:\/\/www.ceskaskolaluzern.ch\/vyuka\/zpravy-z-vyuky\/fotogalerie-priv\/vanocni-besidka-2021\/\" \/>\n<meta property=\"og:site_name\" content=\"\u010cesk\u00e1 \u0161kola Luzern\" \/>\n<meta property=\"article:publisher\" content=\"https:\/\/www.facebook.com\/ceskaskola.luzern\/\" \/>\n<meta property=\"article:modified_time\" content=\"2024-10-26T18:34:32+00:00\" \/>\n<meta property=\"og:image\" content=\"https:\/\/www.ceskaskolaluzern.ch\/wp-content\/uploads\/2022\/09\/IMG_6833-150x150.jpg\" \/>\n<meta name=\"twitter:card\" content=\"summary_large_image\" \/>\n<meta name=\"twitter:label1\" content=\"Gesch\u00e4tzte Lesezeit\" \/>\n\t<meta name=\"twitter:data1\" content=\"1\u00a0Minute\" \/>\n<!-- \/ Yoast SEO plugin. -->","yoast_head_json":{"title":"V\u00e1no\u010dn\u00ed bes\u00eddka | \u010cesk\u00e1 \u0161kola Luzern","robots":{"index":"index","follow":"follow","max-snippet":"max-snippet:-1","max-image-preview":"max-image-preview:large","max-video-preview":"max-video-preview:-1"},"canonical":"https:\/\/www.ceskaskolaluzern.ch\/vyuka\/zpravy-z-vyuky\/fotogalerie-priv\/vanocni-besidka-2021\/","og_locale":"de_DE","og_type":"article","og_title":"V\u00e1no\u010dn\u00ed bes\u00eddka | \u010cesk\u00e1 \u0161kola Luzern","og_description":"6.&nbsp;prosince 2021","og_url":"https:\/\/www.ceskaskolaluzern.ch\/vyuka\/zpravy-z-vyuky\/fotogalerie-priv\/vanocni-besidka-2021\/","og_site_name":"\u010cesk\u00e1 \u0161kola Luzern","article_publisher":"https:\/\/www.facebook.com\/ceskaskola.luzern\/","article_modified_time":"2024-10-26T18:34:32+00:00","og_image":[{"url":"https:\/\/www.ceskaskolaluzern.ch\/wp-content\/uploads\/2022\/09\/IMG_6833-150x150.jpg","type":"","width":"","height":""}],"twitter_card":"summary_large_image","twitter_misc":{"Gesch\u00e4tzte Lesezeit":"1\u00a0Minute"},"schema":{"@context":"https:\/\/schema.org","@graph":[{"@type":"WebPage","@id":"https:\/\/www.ceskaskolaluzern.ch\/vyuka\/zpravy-z-vyuky\/fotogalerie-priv\/vanocni-besidka-2021\/","url":"https:\/\/www.ceskaskolaluzern.ch\/vyuka\/zpravy-z-vyuky\/fotogalerie-priv\/vanocni-besidka-2021\/","name":"V\u00e1no\u010dn\u00ed bes\u00eddka | \u010cesk\u00e1 \u0161kola Luzern","isPartOf":{"@id":"https:\/\/www.ceskaskolaluzern.ch\/#website"},"datePublished":"2022-09-10T20:58:02+00:00","dateModified":"2024-10-26T18:34:32+00:00","breadcrumb":{"@id":"https:\/\/www.ceskaskolaluzern.ch\/vyuka\/zpravy-z-vyuky\/fotogalerie-priv\/vanocni-besidka-2021\/#breadcrumb"},"inLanguage":"de","potentialAction":[{"@type":"ReadAction","target":["https:\/\/www.ceskaskolaluzern.ch\/vyuka\/zpravy-z-vyuky\/fotogalerie-priv\/vanocni-besidka-2021\/"]}]},{"@type":"BreadcrumbList","@id":"https:\/\/www.ceskaskolaluzern.ch\/vyuka\/zpravy-z-vyuky\/fotogalerie-priv\/vanocni-besidka-2021\/#breadcrumb","itemListElement":[{"@type":"ListItem","position":1,"name":"\u00davod","item":"https:\/\/www.ceskaskolaluzern.ch\/de\/"},{"@type":"ListItem","position":2,"name":"V\u00fduka","item":"https:\/\/www.ceskaskolaluzern.ch\/vyuka\/"},{"@type":"ListItem","position":3,"name":"Zpr\u00e1vy z v\u00fduky","item":"https:\/\/www.ceskaskolaluzern.ch\/vyuka\/zpravy-z-vyuky\/"},{"@type":"ListItem","position":4,"name":"Fotogalerie","item":"https:\/\/www.ceskaskolaluzern.ch\/vyuka\/zpravy-z-vyuky\/fotogalerie-priv\/"},{"@type":"ListItem","position":5,"name":"V\u00e1no\u010dn\u00ed bes\u00eddka"}]},{"@type":"WebSite","@id":"https:\/\/www.ceskaskolaluzern.ch\/#website","url":"https:\/\/www.ceskaskolaluzern.ch\/","name":"\u010cesk\u00e1 \u0161kola Luzern","description":"","publisher":{"@id":"https:\/\/www.ceskaskolaluzern.ch\/#organization"},"potentialAction":[{"@type":"SearchAction","target":{"@type":"EntryPoint","urlTemplate":"https:\/\/www.ceskaskolaluzern.ch\/?s={search_term_string}"},"query-input":{"@type":"PropertyValueSpecification","valueRequired":true,"valueName":"search_term_string"}}],"inLanguage":"de"},{"@type":"Organization","@id":"https:\/\/www.ceskaskolaluzern.ch\/#organization","name":"\u010cesk\u00e1 \u0161kola Luzern","url":"https:\/\/www.ceskaskolaluzern.ch\/","logo":{"@type":"ImageObject","inLanguage":"de","@id":"https:\/\/www.ceskaskolaluzern.ch\/#\/schema\/logo\/image\/","url":"https:\/\/www.ceskaskolaluzern.ch\/wp-content\/uploads\/2022\/06\/Ceska_skola_Logo_2022_.png","contentUrl":"https:\/\/www.ceskaskolaluzern.ch\/wp-content\/uploads\/2022\/06\/Ceska_skola_Logo_2022_.png","width":2138,"height":808,"caption":"\u010cesk\u00e1 \u0161kola Luzern"},"image":{"@id":"https:\/\/www.ceskaskolaluzern.ch\/#\/schema\/logo\/image\/"},"sameAs":["https:\/\/www.facebook.com\/ceskaskola.luzern\/","https:\/\/www.linkedin.com\/company\/ceska-skola-luzern\/","https:\/\/www.instagram.com\/ceskaskola.luzern\/"]}]}},"_links":{"self":[{"href":"https:\/\/www.ceskaskolaluzern.ch\/de\/wp-json\/wp\/v2\/pages\/730","targetHints":{"allow":["GET"]}}],"collection":[{"href":"https:\/\/www.ceskaskolaluzern.ch\/de\/wp-json\/wp\/v2\/pages"}],"about":[{"href":"https:\/\/www.ceskaskolaluzern.ch\/de\/wp-json\/wp\/v2\/types\/page"}],"author":[{"embeddable":true,"href":"https:\/\/www.ceskaskolaluzern.ch\/de\/wp-json\/wp\/v2\/users\/3"}],"replies":[{"embeddable":true,"href":"https:\/\/www.ceskaskolaluzern.ch\/de\/wp-json\/wp\/v2\/comments?post=730"}],"version-history":[{"count":10,"href":"https:\/\/www.ceskaskolaluzern.ch\/de\/wp-json\/wp\/v2\/pages\/730\/revisions"}],"predecessor-version":[{"id":3080,"href":"https:\/\/www.ceskaskolaluzern.ch\/de\/wp-json\/wp\/v2\/pages\/730\/revisions\/3080"}],"up":[{"embeddable":true,"href":"https:\/\/www.ceskaskolaluzern.ch\/de\/wp-json\/wp\/v2\/pages\/728"}],"wp:attachment":[{"href":"https:\/\/www.ceskaskolaluzern.ch\/de\/wp-json\/wp\/v2\/media?parent=730"}],"curies":[{"name":"wp","href":"https:\/\/api.w.org\/{rel}","templated":true}]}}